{"id":320,"date":"2018-07-14T15:03:34","date_gmt":"2018-07-14T13:03:34","guid":{"rendered":"http:\/\/zalesie.archidiecezja.wroc.pl\/?page_id=320"},"modified":"2024-04-21T18:47:57","modified_gmt":"2024-04-21T16:47:57","slug":"zdjecia","status":"publish","type":"page","link":"http:\/\/zalesie.archidiecezja.wroc.pl\/?page_id=320","title":{"rendered":"Zdj\u0119cia"},"content":{"rendered":"\n<p><\/p>\n\n\n\n<figure class=\"wp-block-image size-large\"><img loading=\"lazy\" width=\"1024\" height=\"683\" src=\"http:\/\/zalesie.archidiecezja.wroc.pl\/wp-content\/uploads\/2024\/04\/Zdjecie-WhatsApp-2024-04-06-o-00.34.50_9f2d7d88-1024x683.jpg\" alt=\"\" class=\"wp-image-1420\" srcset=\"http:\/\/zalesie.archidiecezja.wroc.pl\/wp-content\/uploads\/2024\/04\/Zdjecie-WhatsApp-2024-04-06-o-00.34.50_9f2d7d88-1024x683.jpg 1024w, http:\/\/zalesie.archidiecezja.wroc.pl\/wp-content\/uploads\/2024\/04\/Zdjecie-WhatsApp-2024-04-06-o-00.34.50_9f2d7d88-300x200.jpg 300w, http:\/\/zalesie.archidiecezja.wroc.pl\/wp-content\/uploads\/2024\/04\/Zdjecie-WhatsApp-2024-04-06-o-00.34.50_9f2d7d88-768x512.jpg 768w, http:\/\/zalesie.archidiecezja.wroc.pl\/wp-content\/uploads\/2024\/04\/Zdjecie-WhatsApp-2024-04-06-o-00.34.50_9f2d7d88.jpg 1125w\" sizes=\"(max-width: 1024px) 100vw, 1024px\" \/><figcaption>Msza Krzy\u017cma \u015awi\u0119tego, Wielki Czwartek, Katedra Wroc\u0142awska, 2024<\/figcaption><\/figure>\n\n\n\n<figure class=\"wp-block-image size-large\"><img loading=\"lazy\" width=\"771\" height=\"1024\" src=\"http:\/\/zalesie.archidiecezja.wroc.pl\/wp-content\/uploads\/2024\/04\/Zdjecie-WhatsApp-2024-04-06-o-00.38.06_9601cdf4-771x1024.jpg\" alt=\"\" class=\"wp-image-1421\" srcset=\"http:\/\/zalesie.archidiecezja.wroc.pl\/wp-content\/uploads\/2024\/04\/Zdjecie-WhatsApp-2024-04-06-o-00.38.06_9601cdf4-771x1024.jpg 771w, http:\/\/zalesie.archidiecezja.wroc.pl\/wp-content\/uploads\/2024\/04\/Zdjecie-WhatsApp-2024-04-06-o-00.38.06_9601cdf4-226x300.jpg 226w, http:\/\/zalesie.archidiecezja.wroc.pl\/wp-content\/uploads\/2024\/04\/Zdjecie-WhatsApp-2024-04-06-o-00.38.06_9601cdf4-768x1020.jpg 768w, http:\/\/zalesie.archidiecezja.wroc.pl\/wp-content\/uploads\/2024\/04\/Zdjecie-WhatsApp-2024-04-06-o-00.38.06_9601cdf4-1157x1536.jpg 1157w, http:\/\/zalesie.archidiecezja.wroc.pl\/wp-content\/uploads\/2024\/04\/Zdjecie-WhatsApp-2024-04-06-o-00.38.06_9601cdf4.jpg 1204w\" sizes=\"(max-width: 771px) 100vw, 771px\" \/><\/figure>\n\n\n\n<p>Droga krzy\u017cowa w Parku Szczytnickim<\/p>\n\n\n\n<figure class=\"wp-block-image size-large\"><img loading=\"lazy\" width=\"771\" height=\"1024\" src=\"http:\/\/zalesie.archidiecezja.wroc.pl\/wp-content\/uploads\/2024\/04\/Zdjecie-WhatsApp-2024-04-06-o-00.38.52_5b1f879f-771x1024.jpg\" alt=\"\" class=\"wp-image-1422\" srcset=\"http:\/\/zalesie.archidiecezja.wroc.pl\/wp-content\/uploads\/2024\/04\/Zdjecie-WhatsApp-2024-04-06-o-00.38.52_5b1f879f-771x1024.jpg 771w, http:\/\/zalesie.archidiecezja.wroc.pl\/wp-content\/uploads\/2024\/04\/Zdjecie-WhatsApp-2024-04-06-o-00.38.52_5b1f879f-226x300.jpg 226w, http:\/\/zalesie.archidiecezja.wroc.pl\/wp-content\/uploads\/2024\/04\/Zdjecie-WhatsApp-2024-04-06-o-00.38.52_5b1f879f-768x1020.jpg 768w, http:\/\/zalesie.archidiecezja.wroc.pl\/wp-content\/uploads\/2024\/04\/Zdjecie-WhatsApp-2024-04-06-o-00.38.52_5b1f879f-1157x1536.jpg 1157w, http:\/\/zalesie.archidiecezja.wroc.pl\/wp-content\/uploads\/2024\/04\/Zdjecie-WhatsApp-2024-04-06-o-00.38.52_5b1f879f.jpg 1204w\" sizes=\"(max-width: 771px) 100vw, 771px\" \/><\/figure>\n\n\n\n<figure class=\"wp-block-gallery columns-3 is-cropped\"><ul class=\"blocks-gallery-grid\"><li class=\"blocks-gallery-item\"><figure><img loading=\"lazy\" width=\"1024\" height=\"768\" src=\"http:\/\/zalesie.archidiecezja.wroc.pl\/wp-content\/uploads\/2023\/01\/20230113_141846-1024x768.jpg\" alt=\"\" data-id=\"1185\" data-full-url=\"http:\/\/zalesie.archidiecezja.wroc.pl\/wp-content\/uploads\/2023\/01\/20230113_141846-scaled.jpg\" data-link=\"http:\/\/zalesie.archidiecezja.wroc.pl\/?attachment_id=1185\" class=\"wp-image-1185\" srcset=\"http:\/\/zalesie.archidiecezja.wroc.pl\/wp-content\/uploads\/2023\/01\/20230113_141846-1024x768.jpg 1024w, http:\/\/zalesie.archidiecezja.wroc.pl\/wp-content\/uploads\/2023\/01\/20230113_141846-300x225.jpg 300w, http:\/\/zalesie.archidiecezja.wroc.pl\/wp-content\/uploads\/2023\/01\/20230113_141846-768x576.jpg 768w, http:\/\/zalesie.archidiecezja.wroc.pl\/wp-content\/uploads\/2023\/01\/20230113_141846-1536x1152.jpg 1536w, http:\/\/zalesie.archidiecezja.wroc.pl\/wp-content\/uploads\/2023\/01\/20230113_141846-2048x1536.jpg 2048w\" sizes=\"(max-width: 1024px) 100vw, 1024px\" \/><\/figure><\/li><li class=\"blocks-gallery-item\"><figure><img loading=\"lazy\" width=\"768\" height=\"1024\" src=\"http:\/\/zalesie.archidiecezja.wroc.pl\/wp-content\/uploads\/2023\/01\/20230113_141851-768x1024.jpg\" alt=\"\" data-id=\"1186\" data-full-url=\"http:\/\/zalesie.archidiecezja.wroc.pl\/wp-content\/uploads\/2023\/01\/20230113_141851-scaled.jpg\" data-link=\"http:\/\/zalesie.archidiecezja.wroc.pl\/?attachment_id=1186\" class=\"wp-image-1186\" srcset=\"http:\/\/zalesie.archidiecezja.wroc.pl\/wp-content\/uploads\/2023\/01\/20230113_141851-768x1024.jpg 768w, http:\/\/zalesie.archidiecezja.wroc.pl\/wp-content\/uploads\/2023\/01\/20230113_141851-225x300.jpg 225w, http:\/\/zalesie.archidiecezja.wroc.pl\/wp-content\/uploads\/2023\/01\/20230113_141851-1152x1536.jpg 1152w, http:\/\/zalesie.archidiecezja.wroc.pl\/wp-content\/uploads\/2023\/01\/20230113_141851-1536x2048.jpg 1536w, http:\/\/zalesie.archidiecezja.wroc.pl\/wp-content\/uploads\/2023\/01\/20230113_141851-scaled.jpg 1920w\" sizes=\"(max-width: 768px) 100vw, 768px\" \/><\/figure><\/li><li class=\"blocks-gallery-item\"><figure><img src=\"blob:http:\/\/zalesie.archidiecezja.wroc.pl\/8ffbfdff-b2f8-442c-9fc8-1a0678a96717\" data-id=\"\"\/><\/figure><\/li><li class=\"blocks-gallery-item\"><figure><img src=\"blob:http:\/\/zalesie.archidiecezja.wroc.pl\/9baf8f35-4281-4494-829b-2ee4c6df8818\" data-id=\"\"\/><\/figure><\/li><li class=\"blocks-gallery-item\"><figure><img src=\"blob:http:\/\/zalesie.archidiecezja.wroc.pl\/8294a5f8-8a45-4a5e-8213-1aca30069fa3\" data-id=\"\"\/><\/figure><\/li><li class=\"blocks-gallery-item\"><figure><img src=\"blob:http:\/\/zalesie.archidiecezja.wroc.pl\/f3cc163c-b7f1-4f10-8372-7167e8f59cc0\" data-id=\"\"\/><\/figure><\/li><\/ul><\/figure>\n\n\n<p>Remont fundament\u00f3w ko\u015bcio\u0142a.<\/p>\n<p>\u00a0<\/p>\n<p>Stulecie urodzin Jana Paw\u0142a II &#8211; homilia o. Macieja Zi\u0119by OP &#8211; 18.05.2020r.<\/p>\n<p><img loading=\"lazy\" class=\"alignnone  wp-image-690\" src=\"http:\/\/zalesie.archidiecezja.wroc.pl\/wp-content\/uploads\/2020\/05\/1-300x225.jpg\" alt=\"\" width=\"432\" height=\"324\" srcset=\"http:\/\/zalesie.archidiecezja.wroc.pl\/wp-content\/uploads\/2020\/05\/1-300x225.jpg 300w, http:\/\/zalesie.archidiecezja.wroc.pl\/wp-content\/uploads\/2020\/05\/1-768x576.jpg 768w, http:\/\/zalesie.archidiecezja.wroc.pl\/wp-content\/uploads\/2020\/05\/1-1024x768.jpg 1024w\" sizes=\"(max-width: 432px) 100vw, 432px\" \/><\/p>\n<p>\u00a0<\/p>\n<p>42 Europejskie Spotkanie M\u0142odych Taize, grudzie\u0144 2019, Wroc\u0142aw<\/p>\n<p><img loading=\"lazy\" class=\"alignnone size-medium wp-image-665\" src=\"http:\/\/zalesie.archidiecezja.wroc.pl\/wp-content\/uploads\/2020\/03\/91438324_1686900278116415_3767511106931654656_n-300x225.jpg\" alt=\"\" width=\"300\" height=\"225\" srcset=\"http:\/\/zalesie.archidiecezja.wroc.pl\/wp-content\/uploads\/2020\/03\/91438324_1686900278116415_3767511106931654656_n-300x225.jpg 300w, http:\/\/zalesie.archidiecezja.wroc.pl\/wp-content\/uploads\/2020\/03\/91438324_1686900278116415_3767511106931654656_n-768x576.jpg 768w, http:\/\/zalesie.archidiecezja.wroc.pl\/wp-content\/uploads\/2020\/03\/91438324_1686900278116415_3767511106931654656_n-1024x768.jpg 1024w, http:\/\/zalesie.archidiecezja.wroc.pl\/wp-content\/uploads\/2020\/03\/91438324_1686900278116415_3767511106931654656_n.jpg 1548w\" sizes=\"(max-width: 300px) 100vw, 300px\" \/> <img loading=\"lazy\" class=\"alignnone size-medium wp-image-664\" src=\"http:\/\/zalesie.archidiecezja.wroc.pl\/wp-content\/uploads\/2020\/03\/91225899_145528276865277_6762627149460406272_n-300x225.jpg\" alt=\"\" width=\"300\" height=\"225\" srcset=\"http:\/\/zalesie.archidiecezja.wroc.pl\/wp-content\/uploads\/2020\/03\/91225899_145528276865277_6762627149460406272_n-300x225.jpg 300w, http:\/\/zalesie.archidiecezja.wroc.pl\/wp-content\/uploads\/2020\/03\/91225899_145528276865277_6762627149460406272_n-768x576.jpg 768w, http:\/\/zalesie.archidiecezja.wroc.pl\/wp-content\/uploads\/2020\/03\/91225899_145528276865277_6762627149460406272_n-1024x768.jpg 1024w, http:\/\/zalesie.archidiecezja.wroc.pl\/wp-content\/uploads\/2020\/03\/91225899_145528276865277_6762627149460406272_n.jpg 1548w\" sizes=\"(max-width: 300px) 100vw, 300px\" \/> <img loading=\"lazy\" class=\"alignnone size-medium wp-image-663\" src=\"http:\/\/zalesie.archidiecezja.wroc.pl\/wp-content\/uploads\/2020\/03\/91207938_215853999515312_8824100327851556864_n-300x225.jpg\" alt=\"\" width=\"300\" height=\"225\" srcset=\"http:\/\/zalesie.archidiecezja.wroc.pl\/wp-content\/uploads\/2020\/03\/91207938_215853999515312_8824100327851556864_n-300x225.jpg 300w, http:\/\/zalesie.archidiecezja.wroc.pl\/wp-content\/uploads\/2020\/03\/91207938_215853999515312_8824100327851556864_n-768x576.jpg 768w, http:\/\/zalesie.archidiecezja.wroc.pl\/wp-content\/uploads\/2020\/03\/91207938_215853999515312_8824100327851556864_n-1024x768.jpg 1024w, http:\/\/zalesie.archidiecezja.wroc.pl\/wp-content\/uploads\/2020\/03\/91207938_215853999515312_8824100327851556864_n.jpg 1548w\" sizes=\"(max-width: 300px) 100vw, 300px\" \/> <img loading=\"lazy\" class=\"alignnone size-medium wp-image-662\" src=\"http:\/\/zalesie.archidiecezja.wroc.pl\/wp-content\/uploads\/2020\/03\/91207266_559318448035069_1963093361883611136_n-300x225.jpg\" alt=\"\" width=\"300\" height=\"225\" srcset=\"http:\/\/zalesie.archidiecezja.wroc.pl\/wp-content\/uploads\/2020\/03\/91207266_559318448035069_1963093361883611136_n-300x225.jpg 300w, http:\/\/zalesie.archidiecezja.wroc.pl\/wp-content\/uploads\/2020\/03\/91207266_559318448035069_1963093361883611136_n-768x576.jpg 768w, http:\/\/zalesie.archidiecezja.wroc.pl\/wp-content\/uploads\/2020\/03\/91207266_559318448035069_1963093361883611136_n-1024x768.jpg 1024w, http:\/\/zalesie.archidiecezja.wroc.pl\/wp-content\/uploads\/2020\/03\/91207266_559318448035069_1963093361883611136_n.jpg 1548w\" sizes=\"(max-width: 300px) 100vw, 300px\" \/><\/p>\n<p>\u00a0<\/p>\n<p>Prymicje ksi\u0119dza Piotra Waszkiewicza, stycze\u0144 2020.<\/p>\n<p><img loading=\"lazy\" class=\"alignnone size-medium wp-image-610\" src=\"http:\/\/zalesie.archidiecezja.wroc.pl\/wp-content\/uploads\/2020\/01\/IMG_4911-300x200.jpg\" alt=\"\" width=\"300\" height=\"200\" srcset=\"http:\/\/zalesie.archidiecezja.wroc.pl\/wp-content\/uploads\/2020\/01\/IMG_4911-300x200.jpg 300w, http:\/\/zalesie.archidiecezja.wroc.pl\/wp-content\/uploads\/2020\/01\/IMG_4911-768x512.jpg 768w, http:\/\/zalesie.archidiecezja.wroc.pl\/wp-content\/uploads\/2020\/01\/IMG_4911-1024x683.jpg 1024w\" sizes=\"(max-width: 300px) 100vw, 300px\" \/><img loading=\"lazy\" class=\"alignnone size-medium wp-image-611\" src=\"http:\/\/zalesie.archidiecezja.wroc.pl\/wp-content\/uploads\/2020\/01\/IMG_4815-300x200.jpg\" alt=\"\" width=\"300\" height=\"200\" srcset=\"http:\/\/zalesie.archidiecezja.wroc.pl\/wp-content\/uploads\/2020\/01\/IMG_4815-300x200.jpg 300w, http:\/\/zalesie.archidiecezja.wroc.pl\/wp-content\/uploads\/2020\/01\/IMG_4815-768x512.jpg 768w, http:\/\/zalesie.archidiecezja.wroc.pl\/wp-content\/uploads\/2020\/01\/IMG_4815-1024x683.jpg 1024w\" sizes=\"(max-width: 300px) 100vw, 300px\" \/><\/p>\n<p>\u00a0<\/p>\n<p><img loading=\"lazy\" class=\"size-medium wp-image-471\" src=\"http:\/\/zalesie.archidiecezja.wroc.pl\/wp-content\/uploads\/2019\/04\/IMG_20190406_184238-300x225.jpg\" alt=\"\" width=\"300\" height=\"225\" srcset=\"http:\/\/zalesie.archidiecezja.wroc.pl\/wp-content\/uploads\/2019\/04\/IMG_20190406_184238-300x225.jpg 300w, http:\/\/zalesie.archidiecezja.wroc.pl\/wp-content\/uploads\/2019\/04\/IMG_20190406_184238-768x576.jpg 768w, http:\/\/zalesie.archidiecezja.wroc.pl\/wp-content\/uploads\/2019\/04\/IMG_20190406_184238-1024x768.jpg 1024w\" sizes=\"(max-width: 300px) 100vw, 300px\" \/><\/p>\n<p>Nasz parafialny akademicki ch\u00f3r Cantus Gaudium<\/p>\n<p><img loading=\"lazy\" class=\"alignnone size-medium wp-image-472\" src=\"http:\/\/zalesie.archidiecezja.wroc.pl\/wp-content\/uploads\/2019\/04\/IMG_20190408_095551-219x300.jpg\" alt=\"\" width=\"219\" height=\"300\" srcset=\"http:\/\/zalesie.archidiecezja.wroc.pl\/wp-content\/uploads\/2019\/04\/IMG_20190408_095551-219x300.jpg 219w, http:\/\/zalesie.archidiecezja.wroc.pl\/wp-content\/uploads\/2019\/04\/IMG_20190408_095551-768x1050.jpg 768w, http:\/\/zalesie.archidiecezja.wroc.pl\/wp-content\/uploads\/2019\/04\/IMG_20190408_095551-749x1024.jpg 749w, http:\/\/zalesie.archidiecezja.wroc.pl\/wp-content\/uploads\/2019\/04\/IMG_20190408_095551.jpg 1170w\" sizes=\"(max-width: 219px) 100vw, 219px\" \/><\/p>\n<p>Ch\u00f3r Cantus Gaudium laureatem VIII Wojew\u00f3dzkiego Przegl\u0105du Pie\u015bni Pokutnej i Pasyjnej, Skarbimierz 2019<\/p>\n<p>\u00a0<\/p>\n<p>Nagroda ch\u00f3ru Cantus Gaudium, 29 wrze\u015bnia 2019, S\u0142awa.<\/p>\n<p>\\<img loading=\"lazy\" class=\"alignnone size-medium wp-image-576\" src=\"http:\/\/zalesie.archidiecezja.wroc.pl\/wp-content\/uploads\/2019\/11\/001-218x300.jpg\" alt=\"\" width=\"218\" height=\"300\" srcset=\"http:\/\/zalesie.archidiecezja.wroc.pl\/wp-content\/uploads\/2019\/11\/001-218x300.jpg 218w, http:\/\/zalesie.archidiecezja.wroc.pl\/wp-content\/uploads\/2019\/11\/001-768x1056.jpg 768w, http:\/\/zalesie.archidiecezja.wroc.pl\/wp-content\/uploads\/2019\/11\/001-745x1024.jpg 745w, http:\/\/zalesie.archidiecezja.wroc.pl\/wp-content\/uploads\/2019\/11\/001.jpg 1700w\" sizes=\"(max-width: 218px) 100vw, 218px\" \/><\/p>\n<p>\u00a0<\/p>\n<p>Europejskie Spotkanie M\u0142odych, Wroc\u0142aw &#8211; Krak\u00f3w 2016<\/p>\n<p><img loading=\"lazy\" class=\"alignnone size-medium wp-image-530\" src=\"http:\/\/zalesie.archidiecezja.wroc.pl\/wp-content\/uploads\/2019\/09\/DSC_2362-300x208.jpg\" alt=\"\" width=\"300\" height=\"208\" srcset=\"http:\/\/zalesie.archidiecezja.wroc.pl\/wp-content\/uploads\/2019\/09\/DSC_2362-300x208.jpg 300w, http:\/\/zalesie.archidiecezja.wroc.pl\/wp-content\/uploads\/2019\/09\/DSC_2362-768x532.jpg 768w, http:\/\/zalesie.archidiecezja.wroc.pl\/wp-content\/uploads\/2019\/09\/DSC_2362-1024x709.jpg 1024w\" sizes=\"(max-width: 300px) 100vw, 300px\" \/> <img loading=\"lazy\" class=\"alignnone size-medium wp-image-531\" src=\"http:\/\/zalesie.archidiecezja.wroc.pl\/wp-content\/uploads\/2019\/09\/DSC_2002-300x198.jpg\" alt=\"\" width=\"300\" height=\"198\" srcset=\"http:\/\/zalesie.archidiecezja.wroc.pl\/wp-content\/uploads\/2019\/09\/DSC_2002-300x198.jpg 300w, http:\/\/zalesie.archidiecezja.wroc.pl\/wp-content\/uploads\/2019\/09\/DSC_2002-768x507.jpg 768w, http:\/\/zalesie.archidiecezja.wroc.pl\/wp-content\/uploads\/2019\/09\/DSC_2002-1024x676.jpg 1024w\" sizes=\"(max-width: 300px) 100vw, 300px\" \/><img loading=\"lazy\" class=\"alignnone size-medium wp-image-547\" src=\"http:\/\/zalesie.archidiecezja.wroc.pl\/wp-content\/uploads\/2019\/09\/DSC_2014-300x197.jpg\" alt=\"\" width=\"300\" height=\"197\" srcset=\"http:\/\/zalesie.archidiecezja.wroc.pl\/wp-content\/uploads\/2019\/09\/DSC_2014-300x197.jpg 300w, http:\/\/zalesie.archidiecezja.wroc.pl\/wp-content\/uploads\/2019\/09\/DSC_2014-768x504.jpg 768w, http:\/\/zalesie.archidiecezja.wroc.pl\/wp-content\/uploads\/2019\/09\/DSC_2014-1024x673.jpg 1024w\" sizes=\"(max-width: 300px) 100vw, 300px\" \/> \u00a0<img loading=\"lazy\" class=\"alignnone size-medium wp-image-549\" src=\"http:\/\/zalesie.archidiecezja.wroc.pl\/wp-content\/uploads\/2019\/09\/DSC_2122-215x300.jpg\" alt=\"\" width=\"215\" height=\"300\" srcset=\"http:\/\/zalesie.archidiecezja.wroc.pl\/wp-content\/uploads\/2019\/09\/DSC_2122-215x300.jpg 215w, http:\/\/zalesie.archidiecezja.wroc.pl\/wp-content\/uploads\/2019\/09\/DSC_2122-768x1070.jpg 768w, http:\/\/zalesie.archidiecezja.wroc.pl\/wp-content\/uploads\/2019\/09\/DSC_2122-735x1024.jpg 735w\" sizes=\"(max-width: 215px) 100vw, 215px\" \/> <img loading=\"lazy\" class=\"alignnone size-medium wp-image-554\" src=\"http:\/\/zalesie.archidiecezja.wroc.pl\/wp-content\/uploads\/2019\/09\/DSC_2381-300x200.jpg\" alt=\"\" width=\"300\" height=\"200\" srcset=\"http:\/\/zalesie.archidiecezja.wroc.pl\/wp-content\/uploads\/2019\/09\/DSC_2381-300x200.jpg 300w, http:\/\/zalesie.archidiecezja.wroc.pl\/wp-content\/uploads\/2019\/09\/DSC_2381-768x512.jpg 768w, http:\/\/zalesie.archidiecezja.wroc.pl\/wp-content\/uploads\/2019\/09\/DSC_2381-1024x683.jpg 1024w\" sizes=\"(max-width: 300px) 100vw, 300px\" \/><img loading=\"lazy\" class=\"alignnone size-medium wp-image-550\" src=\"http:\/\/zalesie.archidiecezja.wroc.pl\/wp-content\/uploads\/2019\/09\/DSC_2037-300x200.jpg\" alt=\"\" width=\"300\" height=\"200\" srcset=\"http:\/\/zalesie.archidiecezja.wroc.pl\/wp-content\/uploads\/2019\/09\/DSC_2037-300x200.jpg 300w, http:\/\/zalesie.archidiecezja.wroc.pl\/wp-content\/uploads\/2019\/09\/DSC_2037-768x512.jpg 768w, http:\/\/zalesie.archidiecezja.wroc.pl\/wp-content\/uploads\/2019\/09\/DSC_2037-1024x683.jpg 1024w\" sizes=\"(max-width: 300px) 100vw, 300px\" \/> <img loading=\"lazy\" class=\"alignnone size-medium wp-image-551\" src=\"http:\/\/zalesie.archidiecezja.wroc.pl\/wp-content\/uploads\/2019\/09\/DSC_2219-300x216.jpg\" alt=\"\" width=\"300\" height=\"216\" srcset=\"http:\/\/zalesie.archidiecezja.wroc.pl\/wp-content\/uploads\/2019\/09\/DSC_2219-300x216.jpg 300w, http:\/\/zalesie.archidiecezja.wroc.pl\/wp-content\/uploads\/2019\/09\/DSC_2219-768x554.jpg 768w, http:\/\/zalesie.archidiecezja.wroc.pl\/wp-content\/uploads\/2019\/09\/DSC_2219-1024x738.jpg 1024w\" sizes=\"(max-width: 300px) 100vw, 300px\" \/> <img loading=\"lazy\" class=\"alignnone size-medium wp-image-552\" src=\"http:\/\/zalesie.archidiecezja.wroc.pl\/wp-content\/uploads\/2019\/09\/DSC_2231-300x197.jpg\" alt=\"\" width=\"300\" height=\"197\" srcset=\"http:\/\/zalesie.archidiecezja.wroc.pl\/wp-content\/uploads\/2019\/09\/DSC_2231-300x197.jpg 300w, http:\/\/zalesie.archidiecezja.wroc.pl\/wp-content\/uploads\/2019\/09\/DSC_2231-768x505.jpg 768w, http:\/\/zalesie.archidiecezja.wroc.pl\/wp-content\/uploads\/2019\/09\/DSC_2231-1024x673.jpg 1024w\" sizes=\"(max-width: 300px) 100vw, 300px\" \/> <img loading=\"lazy\" class=\"alignnone size-medium wp-image-553\" src=\"http:\/\/zalesie.archidiecezja.wroc.pl\/wp-content\/uploads\/2019\/09\/DSC_2303male-300x192.jpg\" alt=\"\" width=\"300\" height=\"192\" srcset=\"http:\/\/zalesie.archidiecezja.wroc.pl\/wp-content\/uploads\/2019\/09\/DSC_2303male-300x192.jpg 300w, http:\/\/zalesie.archidiecezja.wroc.pl\/wp-content\/uploads\/2019\/09\/DSC_2303male-768x492.jpg 768w, http:\/\/zalesie.archidiecezja.wroc.pl\/wp-content\/uploads\/2019\/09\/DSC_2303male.jpg 800w\" sizes=\"(max-width: 300px) 100vw, 300px\" \/><\/p>\n<p>\u00a0<\/p>\n<p>Odpust parafialny (26.08.2019), przybycie pielgrzym\u00f3w z s\u0105siednich parafii.<\/p>\n<p><img loading=\"lazy\" class=\"alignnone size-medium wp-image-532\" src=\"http:\/\/zalesie.archidiecezja.wroc.pl\/wp-content\/uploads\/2019\/09\/IMG_20190826_191836987_HDR-300x225.jpg\" alt=\"\" width=\"300\" height=\"225\" srcset=\"http:\/\/zalesie.archidiecezja.wroc.pl\/wp-content\/uploads\/2019\/09\/IMG_20190826_191836987_HDR-300x225.jpg 300w, http:\/\/zalesie.archidiecezja.wroc.pl\/wp-content\/uploads\/2019\/09\/IMG_20190826_191836987_HDR-768x576.jpg 768w, http:\/\/zalesie.archidiecezja.wroc.pl\/wp-content\/uploads\/2019\/09\/IMG_20190826_191836987_HDR-1024x768.jpg 1024w\" sizes=\"(max-width: 300px) 100vw, 300px\" \/> <img loading=\"lazy\" class=\"alignnone size-medium wp-image-533\" src=\"http:\/\/zalesie.archidiecezja.wroc.pl\/wp-content\/uploads\/2019\/09\/IMG_20190826_191906790-300x225.jpg\" alt=\"\" width=\"300\" height=\"225\" srcset=\"http:\/\/zalesie.archidiecezja.wroc.pl\/wp-content\/uploads\/2019\/09\/IMG_20190826_191906790-300x225.jpg 300w, http:\/\/zalesie.archidiecezja.wroc.pl\/wp-content\/uploads\/2019\/09\/IMG_20190826_191906790-768x576.jpg 768w, http:\/\/zalesie.archidiecezja.wroc.pl\/wp-content\/uploads\/2019\/09\/IMG_20190826_191906790-1024x768.jpg 1024w\" sizes=\"(max-width: 300px) 100vw, 300px\" \/> <img loading=\"lazy\" class=\"alignnone size-medium wp-image-534\" src=\"http:\/\/zalesie.archidiecezja.wroc.pl\/wp-content\/uploads\/2019\/09\/IMG_20190826_191929180-300x225.jpg\" alt=\"\" width=\"300\" height=\"225\" srcset=\"http:\/\/zalesie.archidiecezja.wroc.pl\/wp-content\/uploads\/2019\/09\/IMG_20190826_191929180-300x225.jpg 300w, http:\/\/zalesie.archidiecezja.wroc.pl\/wp-content\/uploads\/2019\/09\/IMG_20190826_191929180-768x576.jpg 768w, http:\/\/zalesie.archidiecezja.wroc.pl\/wp-content\/uploads\/2019\/09\/IMG_20190826_191929180-1024x768.jpg 1024w\" sizes=\"(max-width: 300px) 100vw, 300px\" \/> <img loading=\"lazy\" class=\"alignnone size-medium wp-image-535\" src=\"http:\/\/zalesie.archidiecezja.wroc.pl\/wp-content\/uploads\/2019\/09\/IMG_20190826_191938040-300x225.jpg\" alt=\"\" width=\"300\" height=\"225\" srcset=\"http:\/\/zalesie.archidiecezja.wroc.pl\/wp-content\/uploads\/2019\/09\/IMG_20190826_191938040-300x225.jpg 300w, http:\/\/zalesie.archidiecezja.wroc.pl\/wp-content\/uploads\/2019\/09\/IMG_20190826_191938040-768x576.jpg 768w, http:\/\/zalesie.archidiecezja.wroc.pl\/wp-content\/uploads\/2019\/09\/IMG_20190826_191938040-1024x768.jpg 1024w\" sizes=\"(max-width: 300px) 100vw, 300px\" \/> <img loading=\"lazy\" class=\"alignnone size-medium wp-image-536\" src=\"http:\/\/zalesie.archidiecezja.wroc.pl\/wp-content\/uploads\/2019\/09\/IMG_20190826_192525231_HDR-300x225.jpg\" alt=\"\" width=\"300\" height=\"225\" srcset=\"http:\/\/zalesie.archidiecezja.wroc.pl\/wp-content\/uploads\/2019\/09\/IMG_20190826_192525231_HDR-300x225.jpg 300w, http:\/\/zalesie.archidiecezja.wroc.pl\/wp-content\/uploads\/2019\/09\/IMG_20190826_192525231_HDR-768x576.jpg 768w, http:\/\/zalesie.archidiecezja.wroc.pl\/wp-content\/uploads\/2019\/09\/IMG_20190826_192525231_HDR-1024x768.jpg 1024w\" sizes=\"(max-width: 300px) 100vw, 300px\" \/> <img loading=\"lazy\" class=\"alignnone size-medium wp-image-537\" src=\"http:\/\/zalesie.archidiecezja.wroc.pl\/wp-content\/uploads\/2019\/09\/IMG_20190826_192636354-300x225.jpg\" alt=\"\" width=\"300\" height=\"225\" srcset=\"http:\/\/zalesie.archidiecezja.wroc.pl\/wp-content\/uploads\/2019\/09\/IMG_20190826_192636354-300x225.jpg 300w, http:\/\/zalesie.archidiecezja.wroc.pl\/wp-content\/uploads\/2019\/09\/IMG_20190826_192636354-768x576.jpg 768w, http:\/\/zalesie.archidiecezja.wroc.pl\/wp-content\/uploads\/2019\/09\/IMG_20190826_192636354-1024x768.jpg 1024w\" sizes=\"(max-width: 300px) 100vw, 300px\" \/> <img loading=\"lazy\" class=\"alignnone size-medium wp-image-538\" src=\"http:\/\/zalesie.archidiecezja.wroc.pl\/wp-content\/uploads\/2019\/09\/IMG_20190826_192748039_HDR-300x225.jpg\" alt=\"\" width=\"300\" height=\"225\" srcset=\"http:\/\/zalesie.archidiecezja.wroc.pl\/wp-content\/uploads\/2019\/09\/IMG_20190826_192748039_HDR-300x225.jpg 300w, http:\/\/zalesie.archidiecezja.wroc.pl\/wp-content\/uploads\/2019\/09\/IMG_20190826_192748039_HDR-768x576.jpg 768w, http:\/\/zalesie.archidiecezja.wroc.pl\/wp-content\/uploads\/2019\/09\/IMG_20190826_192748039_HDR-1024x768.jpg 1024w\" sizes=\"(max-width: 300px) 100vw, 300px\" \/> <img loading=\"lazy\" class=\"alignnone size-medium wp-image-539\" src=\"http:\/\/zalesie.archidiecezja.wroc.pl\/wp-content\/uploads\/2019\/09\/IMG_20190826_192834821_HDR-300x225.jpg\" alt=\"\" width=\"300\" height=\"225\" srcset=\"http:\/\/zalesie.archidiecezja.wroc.pl\/wp-content\/uploads\/2019\/09\/IMG_20190826_192834821_HDR-300x225.jpg 300w, http:\/\/zalesie.archidiecezja.wroc.pl\/wp-content\/uploads\/2019\/09\/IMG_20190826_192834821_HDR-768x576.jpg 768w, http:\/\/zalesie.archidiecezja.wroc.pl\/wp-content\/uploads\/2019\/09\/IMG_20190826_192834821_HDR-1024x768.jpg 1024w\" sizes=\"(max-width: 300px) 100vw, 300px\" \/> <img loading=\"lazy\" class=\"alignnone size-medium wp-image-540\" src=\"http:\/\/zalesie.archidiecezja.wroc.pl\/wp-content\/uploads\/2019\/09\/IMG_20190826_192855324-300x225.jpg\" alt=\"\" width=\"300\" height=\"225\" srcset=\"http:\/\/zalesie.archidiecezja.wroc.pl\/wp-content\/uploads\/2019\/09\/IMG_20190826_192855324-300x225.jpg 300w, http:\/\/zalesie.archidiecezja.wroc.pl\/wp-content\/uploads\/2019\/09\/IMG_20190826_192855324-768x576.jpg 768w, http:\/\/zalesie.archidiecezja.wroc.pl\/wp-content\/uploads\/2019\/09\/IMG_20190826_192855324-1024x768.jpg 1024w\" sizes=\"(max-width: 300px) 100vw, 300px\" \/> <img loading=\"lazy\" class=\"alignnone size-medium wp-image-541\" src=\"http:\/\/zalesie.archidiecezja.wroc.pl\/wp-content\/uploads\/2019\/09\/IMG_20190826_192944915-300x225.jpg\" alt=\"\" width=\"300\" height=\"225\" srcset=\"http:\/\/zalesie.archidiecezja.wroc.pl\/wp-content\/uploads\/2019\/09\/IMG_20190826_192944915-300x225.jpg 300w, http:\/\/zalesie.archidiecezja.wroc.pl\/wp-content\/uploads\/2019\/09\/IMG_20190826_192944915-768x576.jpg 768w, http:\/\/zalesie.archidiecezja.wroc.pl\/wp-content\/uploads\/2019\/09\/IMG_20190826_192944915-1024x768.jpg 1024w\" sizes=\"(max-width: 300px) 100vw, 300px\" \/> <img loading=\"lazy\" class=\"alignnone size-medium wp-image-542\" src=\"http:\/\/zalesie.archidiecezja.wroc.pl\/wp-content\/uploads\/2019\/09\/IMG_20190826_193124993-300x225.jpg\" alt=\"\" width=\"300\" height=\"225\" srcset=\"http:\/\/zalesie.archidiecezja.wroc.pl\/wp-content\/uploads\/2019\/09\/IMG_20190826_193124993-300x225.jpg 300w, http:\/\/zalesie.archidiecezja.wroc.pl\/wp-content\/uploads\/2019\/09\/IMG_20190826_193124993-768x576.jpg 768w, http:\/\/zalesie.archidiecezja.wroc.pl\/wp-content\/uploads\/2019\/09\/IMG_20190826_193124993-1024x768.jpg 1024w\" sizes=\"(max-width: 300px) 100vw, 300px\" \/> <img loading=\"lazy\" class=\"alignnone size-medium wp-image-543\" src=\"http:\/\/zalesie.archidiecezja.wroc.pl\/wp-content\/uploads\/2019\/09\/IMG_20190826_181331808-300x225.jpg\" alt=\"\" width=\"300\" height=\"225\" srcset=\"http:\/\/zalesie.archidiecezja.wroc.pl\/wp-content\/uploads\/2019\/09\/IMG_20190826_181331808-300x225.jpg 300w, http:\/\/zalesie.archidiecezja.wroc.pl\/wp-content\/uploads\/2019\/09\/IMG_20190826_181331808-768x576.jpg 768w, http:\/\/zalesie.archidiecezja.wroc.pl\/wp-content\/uploads\/2019\/09\/IMG_20190826_181331808-1024x768.jpg 1024w\" sizes=\"(max-width: 300px) 100vw, 300px\" \/> <img loading=\"lazy\" class=\"alignnone size-medium wp-image-544\" src=\"http:\/\/zalesie.archidiecezja.wroc.pl\/wp-content\/uploads\/2019\/09\/IMG_20190826_185638188-300x225.jpg\" alt=\"\" width=\"300\" height=\"225\" srcset=\"http:\/\/zalesie.archidiecezja.wroc.pl\/wp-content\/uploads\/2019\/09\/IMG_20190826_185638188-300x225.jpg 300w, http:\/\/zalesie.archidiecezja.wroc.pl\/wp-content\/uploads\/2019\/09\/IMG_20190826_185638188-768x576.jpg 768w, http:\/\/zalesie.archidiecezja.wroc.pl\/wp-content\/uploads\/2019\/09\/IMG_20190826_185638188-1024x768.jpg 1024w\" sizes=\"(max-width: 300px) 100vw, 300px\" \/> <img loading=\"lazy\" class=\"alignnone size-medium wp-image-545\" src=\"http:\/\/zalesie.archidiecezja.wroc.pl\/wp-content\/uploads\/2019\/09\/IMG_20190826_185643478-300x225.jpg\" alt=\"\" width=\"300\" height=\"225\" srcset=\"http:\/\/zalesie.archidiecezja.wroc.pl\/wp-content\/uploads\/2019\/09\/IMG_20190826_185643478-300x225.jpg 300w, http:\/\/zalesie.archidiecezja.wroc.pl\/wp-content\/uploads\/2019\/09\/IMG_20190826_185643478-768x576.jpg 768w, http:\/\/zalesie.archidiecezja.wroc.pl\/wp-content\/uploads\/2019\/09\/IMG_20190826_185643478-1024x768.jpg 1024w\" sizes=\"(max-width: 300px) 100vw, 300px\" \/> <img loading=\"lazy\" class=\"alignnone size-medium wp-image-546\" src=\"http:\/\/zalesie.archidiecezja.wroc.pl\/wp-content\/uploads\/2019\/09\/IMG_20190826_191807910_HDR-300x225.jpg\" alt=\"\" width=\"300\" height=\"225\" srcset=\"http:\/\/zalesie.archidiecezja.wroc.pl\/wp-content\/uploads\/2019\/09\/IMG_20190826_191807910_HDR-300x225.jpg 300w, http:\/\/zalesie.archidiecezja.wroc.pl\/wp-content\/uploads\/2019\/09\/IMG_20190826_191807910_HDR-768x576.jpg 768w, http:\/\/zalesie.archidiecezja.wroc.pl\/wp-content\/uploads\/2019\/09\/IMG_20190826_191807910_HDR-1024x768.jpg 1024w\" sizes=\"(max-width: 300px) 100vw, 300px\" \/><\/p>\n<p>\u00a0<\/p>\n<p><img loading=\"lazy\" class=\"alignnone size-medium wp-image-325\" src=\"http:\/\/zalesie.archidiecezja.wroc.pl\/wp-content\/uploads\/2018\/07\/5-stanow-Kosciola-300x169.jpeg\" alt=\"\" width=\"300\" height=\"169\" srcset=\"http:\/\/zalesie.archidiecezja.wroc.pl\/wp-content\/uploads\/2018\/07\/5-stanow-Kosciola-300x169.jpeg 300w, http:\/\/zalesie.archidiecezja.wroc.pl\/wp-content\/uploads\/2018\/07\/5-stanow-Kosciola-768x432.jpeg 768w, http:\/\/zalesie.archidiecezja.wroc.pl\/wp-content\/uploads\/2018\/07\/5-stanow-Kosciola-1024x576.jpeg 1024w, http:\/\/zalesie.archidiecezja.wroc.pl\/wp-content\/uploads\/2018\/07\/5-stanow-Kosciola.jpeg 1280w\" sizes=\"(max-width: 300px) 100vw, 300px\" \/> <img loading=\"lazy\" class=\"alignnone size-medium wp-image-326\" src=\"http:\/\/zalesie.archidiecezja.wroc.pl\/wp-content\/uploads\/2018\/07\/4-pokolenia-300x169.jpeg\" alt=\"\" width=\"300\" height=\"169\" srcset=\"http:\/\/zalesie.archidiecezja.wroc.pl\/wp-content\/uploads\/2018\/07\/4-pokolenia-300x169.jpeg 300w, http:\/\/zalesie.archidiecezja.wroc.pl\/wp-content\/uploads\/2018\/07\/4-pokolenia-768x432.jpeg 768w, http:\/\/zalesie.archidiecezja.wroc.pl\/wp-content\/uploads\/2018\/07\/4-pokolenia-1024x576.jpeg 1024w, http:\/\/zalesie.archidiecezja.wroc.pl\/wp-content\/uploads\/2018\/07\/4-pokolenia.jpeg 1280w\" sizes=\"(max-width: 300px) 100vw, 300px\" \/><\/p>\n<p>R\u00f3\u017cnorodno\u015b\u0107 Wsp\u00f3lnoty Parafialnej:<\/p>\n<ul>\n<li>osoby \u015bwieckie &#8211; 4 pokolenia<\/li>\n<li>Siostra Adoratorka Krwi Chrystusa<\/li>\n<li>Siostra Karmelitanka Bosa<\/li>\n<li>Ojciec Klaretyn<\/li>\n<li>ksi\u0105dz diecezjalny<\/li>\n<\/ul>\n<p><img loading=\"lazy\" class=\"alignnone size-medium wp-image-333\" src=\"http:\/\/zalesie.archidiecezja.wroc.pl\/wp-content\/uploads\/2018\/07\/przegl\u0105d-techniczny-dachu-ko\u015bcio\u0142a-1-169x300.jpg\" alt=\"\" width=\"169\" height=\"300\" srcset=\"http:\/\/zalesie.archidiecezja.wroc.pl\/wp-content\/uploads\/2018\/07\/przegl\u0105d-techniczny-dachu-ko\u015bcio\u0142a-1-169x300.jpg 169w, http:\/\/zalesie.archidiecezja.wroc.pl\/wp-content\/uploads\/2018\/07\/przegl\u0105d-techniczny-dachu-ko\u015bcio\u0142a-1.jpg 540w\" sizes=\"(max-width: 169px) 100vw, 169px\" \/><\/p>\n<p>Przegl\u0105d techniczny dachu ko\u015bcio\u0142a.<\/p>\n<p><img loading=\"lazy\" class=\"alignnone size-medium wp-image-482\" src=\"http:\/\/zalesie.archidiecezja.wroc.pl\/wp-content\/uploads\/2019\/04\/kosciol-dawniej-300x210.jpg\" alt=\"\" width=\"300\" height=\"210\" srcset=\"http:\/\/zalesie.archidiecezja.wroc.pl\/wp-content\/uploads\/2019\/04\/kosciol-dawniej-300x210.jpg 300w, http:\/\/zalesie.archidiecezja.wroc.pl\/wp-content\/uploads\/2019\/04\/kosciol-dawniej-768x538.jpg 768w, http:\/\/zalesie.archidiecezja.wroc.pl\/wp-content\/uploads\/2019\/04\/kosciol-dawniej.jpg 1000w\" sizes=\"(max-width: 300px) 100vw, 300px\" \/><\/p>\n<p>Ko\u015bci\u00f3\u0142 na prze\u0142omie lat 60 i 70<\/p>","protected":false},"excerpt":{"rendered":"<p>Droga krzy\u017cowa w Parku Szczytnickim Remont fundament\u00f3w ko\u015bcio\u0142a. \u00a0 Stulecie urodzin Jana Paw\u0142a II &#8211; homilia o. Macieja Zi\u0119by OP &#8211; 18.05.2020r. \u00a0 42 Europejskie Spotkanie M\u0142odych Taize, grudzie\u0144 2019, Wroc\u0142aw \u00a0 Prymicje ksi\u0119dza Piotra Waszkiewicza, stycze\u0144 2020. \u00a0 Nasz parafialny akademicki ch\u00f3r Cantus Gaudium Ch\u00f3r Cantus Gaudium laureatem VIII Wojew\u00f3dzkiego Przegl\u0105du Pie\u015bni Pokutnej i &hellip; <a href=\"http:\/\/zalesie.archidiecezja.wroc.pl\/?page_id=320\" class=\"more-link\">Continue reading <span class=\"screen-reader-text\">Zdj\u0119cia<\/span><\/a><\/p>\n","protected":false},"author":1,"featured_media":0,"parent":0,"menu_order":0,"comment_status":"closed","ping_status":"closed","template":"","meta":[],"_links":{"self":[{"href":"http:\/\/zalesie.archidiecezja.wroc.pl\/index.php?rest_route=\/wp\/v2\/pages\/320"}],"collection":[{"href":"http:\/\/zalesie.archidiecezja.wroc.pl\/index.php?rest_route=\/wp\/v2\/pages"}],"about":[{"href":"http:\/\/zalesie.archidiecezja.wroc.pl\/index.php?rest_route=\/wp\/v2\/types\/page"}],"author":[{"embeddable":true,"href":"http:\/\/zalesie.archidiecezja.wroc.pl\/index.php?rest_route=\/wp\/v2\/users\/1"}],"replies":[{"embeddable":true,"href":"http:\/\/zalesie.archidiecezja.wroc.pl\/index.php?rest_route=%2Fwp%2Fv2%2Fcomments&post=320"}],"version-history":[{"count":18,"href":"http:\/\/zalesie.archidiecezja.wroc.pl\/index.php?rest_route=\/wp\/v2\/pages\/320\/revisions"}],"predecessor-version":[{"id":1423,"href":"http:\/\/zalesie.archidiecezja.wroc.pl\/index.php?rest_route=\/wp\/v2\/pages\/320\/revisions\/1423"}],"wp:attachment":[{"href":"http:\/\/zalesie.archidiecezja.wroc.pl\/index.php?rest_route=%2Fwp%2Fv2%2Fmedia&parent=320"}],"curies":[{"name":"wp","href":"https:\/\/api.w.org\/{rel}","templated":true}]}}