{"id":206,"date":"2018-03-02T15:17:22","date_gmt":"2018-03-02T14:17:22","guid":{"rendered":"http:\/\/zalesie.archidiecezja.wroc.pl\/new\/?page_id=206"},"modified":"2018-11-26T17:42:48","modified_gmt":"2018-11-26T16:42:48","slug":"informacje","status":"publish","type":"page","link":"http:\/\/zalesie.archidiecezja.wroc.pl\/?page_id=206","title":{"rendered":"Informacje"},"content":{"rendered":"<table border=\"0\" cellspacing=\"0\" cellpadding=\"0\">\n<tbody>\n<tr>\n<td align=\"right\" valign=\"top\" width=\"180\"><b>Liczba mieszka\u0144c\u00f3w<\/b>:<\/td>\n<td valign=\"top\">3071<\/td>\n<\/tr>\n<tr>\n<td align=\"right\" valign=\"top\" width=\"180\"><b>Kaplica zakonna<\/b>:<\/td>\n<td valign=\"top\">Ojc\u00f3w Klaretyn\u00f3w; Si\u00f3str Adoratorek, pw. Matki Bo\u017cej Niewiasty Nowego Przymierza; Si\u00f3str Karmelitanek Bosych, pw. Matki Bo\u017cej Po\u015bredniczki Wszystkich \u0141ask i \u015bw. J\u00f3zefa<\/td>\n<\/tr>\n<tr>\n<td align=\"right\" valign=\"top\" width=\"180\"><b>Odpust<\/b>:<\/td>\n<td valign=\"top\">26 sierpnia<\/td>\n<\/tr>\n<tr>\n<td align=\"right\" valign=\"top\" width=\"180\"><b>Nabo\u017ce\u0144stwo 40-godzinne<\/b>:<\/td>\n<td valign=\"top\">przed \u015arod\u0105 Popielcow\u0105<\/td>\n<\/tr>\n<tr>\n<td align=\"right\" valign=\"top\" width=\"180\"><b>Wieczysta Adoracja<\/b>:<\/td>\n<td valign=\"top\">4 stycznia<\/td>\n<\/tr>\n<tr>\n<td align=\"right\" valign=\"top\" width=\"180\"><b>Ulice<\/b>:<\/td>\n<td valign=\"top\">Banacha, Bandtkiego, Bartla, Baudouina de Courtenay, Chopina, Cieszkowskiego, Czackiego, Dicksteina, Elsnera, G\u0142ogowczyka, Handelsmanna, Kar\u0142owicza, Kochanowskiego, Kolberga, Kopernika (nr 16, 17-19), Krzywickiego, Lipi\u0144skiego, Mianowskiego, Mickiewicza (nr 8-40 parz.), Moniuszki, Na Ko\u0144cu, Noskowskiego, Paderewskiego, Parkowa, Pilata, R\u00f3\u017cyckiego, Smole\u0144skiego, Ks. Szramki, Szymanowskiego, \u015aniadeckich, \u015awi\u0119tochowskiego, Wieniawskiego, Witelona, Wojciecha z Brudzewa<\/td>\n<\/tr>\n<tr>\n<td align=\"right\" valign=\"top\" width=\"180\"><b>Przedszkole<\/b>:<\/td>\n<td valign=\"top\">Przedszkole Nr 13, ul. Noskowskiego 32, tel. 71\/348-16-15; Przedszkole Nr 36, ul. Witelona 6, tel. 71\/348-33-85; Przedszkole Nr 47, ul. R\u00f3\u017cyckiego 1a, tel. 71\/348-16-92; Przedszkole Nr 48, ul. Bartla 3, tel. 71\/348-18-51<\/td>\n<\/tr>\n<tr>\n<td align=\"right\" valign=\"top\" width=\"180\"><b>Zesp\u00f3\u0142 Szk\u00f3\u0142<\/b>:<\/td>\n<td valign=\"top\">Zesp\u00f3\u0142 Szk\u00f3\u0142 Nr 15, ul. Chopina 9b (Szko\u0142a Podstawowa Nr 36, Szko\u0142a Podstawowa Nr 48 dla Nies\u0142ysz\u0105cych), tel. 71\/348-25-09<\/td>\n<\/tr>\n<tr>\n<td align=\"right\" valign=\"top\" width=\"180\"><b>Szko\u0142a \u015arednia<\/b>:<\/td>\n<td valign=\"top\">Liceum Og\u00f3lnokszta\u0142c\u0105ce Nr II, ul. Parkowa 18-26, tel. 71\/348-42-96<\/td>\n<\/tr>\n<tr>\n<td align=\"right\" valign=\"top\" width=\"180\"><b>Opieka duszpasterska<\/b>:<\/td>\n<td valign=\"top\">Dom Ma\u0142ego Dziecka, ul. Parkowa 2, tel. 71\/348-50-07; Specjalny O\u015brodek Szkolno-Wychowawczy Nr 10, ul. Parkowa 27 (szko\u0142a podstawowa, gimnazjum, ZSZ), tel. 71\/348-22-87<\/td>\n<\/tr>\n<tr>\n<td align=\"right\" valign=\"top\" width=\"180\"><b>Erygowanie Parafii<\/b>:<\/td>\n<td valign=\"top\">1945 r.<\/td>\n<\/tr>\n<tr>\n<td align=\"right\" valign=\"top\" width=\"180\"><b>Ksi\u0119gi metrykalne<\/b>:<\/td>\n<td valign=\"top\">od 1945 r.<\/td>\n<\/tr>\n<tr>\n<td align=\"right\" valign=\"top\" width=\"180\"><b>Wsp\u00f3lnoty i Ruchy<\/b>:<\/td>\n<td valign=\"top\">\u017bywy R\u00f3\u017caniec, Odnowa w Duchu \u015awi\u0119tym, Ruch \u015awiat\u0142o-\u017bycie &#8211; Oaza Rodzin, Ko\u0142o biblijne, Rada Parafialna, Ch\u00f3r akademicki, Lektorzy, Ministranci<\/td>\n<\/tr>\n<tr>\n<td align=\"right\" valign=\"top\" width=\"180\"><b>Zgromadzenia i zakony<\/b>:<\/td>\n<td valign=\"top\">Ksi\u0119\u017ca Klaretyni, 51-611 Wroc\u0142aw, ul. Wieniawskiego 38, tel. 71\/348-20-47, 71\/348-30-86; Siostry Adoratorki, 51-609 Wroc\u0142aw, ul. Szymanowskiego 25, tel. 71\/337-45-40, fax 71\/348-08-66; Siostry Karmelitanki Bose, 51-610 Wroc\u0142aw, ul. Kar\u0142owicza 1\/3, tel. 71\/348-43-81, fax 71\/348-43-84<\/td>\n<\/tr>\n<tr>\n<td align=\"right\" valign=\"top\" width=\"180\"><b>Regon<\/b>:<\/td>\n<td valign=\"top\">040079950<\/td>\n<\/tr>\n<tr>\n<td align=\"right\" valign=\"top\" width=\"180\"><b>Numer konta<\/b>:<\/td>\n<td valign=\"top\">77 1090 2398 0000 0001 3250 7568<\/td>\n<\/tr>\n<\/tbody>\n<\/table>\n","protected":false},"excerpt":{"rendered":"<p>Liczba mieszka\u0144c\u00f3w: 3071 Kaplica zakonna: Ojc\u00f3w Klaretyn\u00f3w; Si\u00f3str Adoratorek, pw. Matki Bo\u017cej Niewiasty Nowego Przymierza; Si\u00f3str Karmelitanek Bosych, pw. Matki Bo\u017cej Po\u015bredniczki Wszystkich \u0141ask i \u015bw. J\u00f3zefa Odpust: 26 sierpnia Nabo\u017ce\u0144stwo 40-godzinne: przed \u015arod\u0105 Popielcow\u0105 Wieczysta Adoracja: 4 stycznia Ulice: Banacha, Bandtkiego, Bartla, Baudouina de Courtenay, Chopina, Cieszkowskiego, Czackiego, Dicksteina, Elsnera, G\u0142ogowczyka, Handelsmanna, Kar\u0142owicza, Kochanowskiego, &hellip; <a href=\"http:\/\/zalesie.archidiecezja.wroc.pl\/?page_id=206\" class=\"more-link\">Continue reading <span class=\"screen-reader-text\">Informacje<\/span><\/a><\/p>\n","protected":false},"author":1,"featured_media":0,"parent":0,"menu_order":0,"comment_status":"closed","ping_status":"closed","template":"","meta":[],"_links":{"self":[{"href":"http:\/\/zalesie.archidiecezja.wroc.pl\/index.php?rest_route=\/wp\/v2\/pages\/206"}],"collection":[{"href":"http:\/\/zalesie.archidiecezja.wroc.pl\/index.php?rest_route=\/wp\/v2\/pages"}],"about":[{"href":"http:\/\/zalesie.archidiecezja.wroc.pl\/index.php?rest_route=\/wp\/v2\/types\/page"}],"author":[{"embeddable":true,"href":"http:\/\/zalesie.archidiecezja.wroc.pl\/index.php?rest_route=\/wp\/v2\/users\/1"}],"replies":[{"embeddable":true,"href":"http:\/\/zalesie.archidiecezja.wroc.pl\/index.php?rest_route=%2Fwp%2Fv2%2Fcomments&post=206"}],"version-history":[{"count":6,"href":"http:\/\/zalesie.archidiecezja.wroc.pl\/index.php?rest_route=\/wp\/v2\/pages\/206\/revisions"}],"predecessor-version":[{"id":388,"href":"http:\/\/zalesie.archidiecezja.wroc.pl\/index.php?rest_route=\/wp\/v2\/pages\/206\/revisions\/388"}],"wp:attachment":[{"href":"http:\/\/zalesie.archidiecezja.wroc.pl\/index.php?rest_route=%2Fwp%2Fv2%2Fmedia&parent=206"}],"curies":[{"name":"wp","href":"https:\/\/api.w.org\/{rel}","templated":true}]}}