{"id":197,"date":"2018-03-02T14:59:26","date_gmt":"2018-03-02T13:59:26","guid":{"rendered":"http:\/\/zalesie.archidiecezja.wroc.pl\/new\/?page_id=197"},"modified":"2024-09-22T21:46:33","modified_gmt":"2024-09-22T19:46:33","slug":"duszpasterze","status":"publish","type":"page","link":"http:\/\/zalesie.archidiecezja.wroc.pl\/?page_id=197","title":{"rendered":"Duszpasterze"},"content":{"rendered":"<p style=\"text-align: center;\"><strong>\u00a0Proboszcz<\/strong><\/p>\n<p style=\"text-align: center;\"><img loading=\"lazy\" class=\"alignnone size-medium wp-image-246\" src=\"http:\/\/zalesie.archidiecezja.wroc.pl\/wp-content\/uploads\/2018\/03\/wz-300x259.png\" alt=\"\" width=\"300\" height=\"259\" srcset=\"http:\/\/zalesie.archidiecezja.wroc.pl\/wp-content\/uploads\/2018\/03\/wz-300x259.png 300w, http:\/\/zalesie.archidiecezja.wroc.pl\/wp-content\/uploads\/2018\/03\/wz.png 675w\" sizes=\"(max-width: 300px) 100vw, 300px\" \/><\/p>\n<p style=\"text-align: center;\">Ks. Wojciech ZI\u0118BA &#8211; ust. 2016<\/p>\n<p style=\"text-align: center;\"><strong>Wikariusz<\/strong><\/p>\n<p><img loading=\"lazy\" class=\"size-medium wp-image-1499 aligncenter\" src=\"http:\/\/zalesie.archidiecezja.wroc.pl\/wp-content\/uploads\/2024\/09\/21271368_1467838419930984_7681528108262857580_n-225x300.jpg\" alt=\"\" width=\"225\" height=\"300\" srcset=\"http:\/\/zalesie.archidiecezja.wroc.pl\/wp-content\/uploads\/2024\/09\/21271368_1467838419930984_7681528108262857580_n-225x300.jpg 225w, http:\/\/zalesie.archidiecezja.wroc.pl\/wp-content\/uploads\/2024\/09\/21271368_1467838419930984_7681528108262857580_n.jpg 468w\" sizes=\"(max-width: 225px) 100vw, 225px\" \/><\/p>\n<p style=\"text-align: center;\">Ks. Krzysztof WOJTKOWIAK- ust. 2019<\/p>\n<p style=\"text-align: center;\"><strong>Rezydent<\/strong><\/p>\n<p><img loading=\"lazy\" class=\"size-medium wp-image-1502 aligncenter\" src=\"http:\/\/zalesie.archidiecezja.wroc.pl\/wp-content\/uploads\/2024\/09\/lp-300x298.png\" alt=\"\" width=\"300\" height=\"298\" srcset=\"http:\/\/zalesie.archidiecezja.wroc.pl\/wp-content\/uploads\/2024\/09\/lp-300x298.png 300w, http:\/\/zalesie.archidiecezja.wroc.pl\/wp-content\/uploads\/2024\/09\/lp-150x150.png 150w, http:\/\/zalesie.archidiecezja.wroc.pl\/wp-content\/uploads\/2024\/09\/lp.png 352w\" sizes=\"(max-width: 300px) 100vw, 300px\" \/><\/p>\n<p style=\"text-align: center;\">Ks. \u0141ukasz PAWICKI &#8211; ust. 2022<\/p>\n<p style=\"text-align: center;\"><strong>Ksi\u0119\u017ca proboszczowie pracuj\u0105cy w parafii NMP Cz\u0119stochowskiej w poprzednich latach<\/strong><\/p>\n<p style=\"text-align: center;\">Ks. Miros\u0142aw Edmund CHMIELOWSKI &#8211; wikariusz 2015-2018<\/p>\n<p style=\"text-align: center;\"><img loading=\"lazy\" class=\"alignnone size-medium wp-image-720\" src=\"http:\/\/zalesie.archidiecezja.wroc.pl\/wp-content\/uploads\/2020\/07\/ks_drzewiecki-222x300.jpg\" alt=\"\" width=\"222\" height=\"300\" srcset=\"http:\/\/zalesie.archidiecezja.wroc.pl\/wp-content\/uploads\/2020\/07\/ks_drzewiecki-222x300.jpg 222w, http:\/\/zalesie.archidiecezja.wroc.pl\/wp-content\/uploads\/2020\/07\/ks_drzewiecki-768x1037.jpg 768w, http:\/\/zalesie.archidiecezja.wroc.pl\/wp-content\/uploads\/2020\/07\/ks_drzewiecki-758x1024.jpg 758w\" sizes=\"(max-width: 222px) 100vw, 222px\" \/><\/p>\n<p>\u00a0 \u00a0 \u00a0 \u00a0 \u00a0 \u00a0 \u00a0 \u00a0 \u00a0 \u00a0 Ksi\u0105dz proboszcz Miros\u0142aw Drzewiecki<\/p>\n<p style=\"text-align: center;\"><img loading=\"lazy\" class=\"alignnone size-medium wp-image-255\" src=\"http:\/\/zalesie.archidiecezja.wroc.pl\/wp-content\/uploads\/2018\/03\/past2-204x300.png\" alt=\"\" width=\"204\" height=\"300\" srcset=\"http:\/\/zalesie.archidiecezja.wroc.pl\/wp-content\/uploads\/2018\/03\/past2-204x300.png 204w, http:\/\/zalesie.archidiecezja.wroc.pl\/wp-content\/uploads\/2018\/03\/past2.png 239w\" sizes=\"(max-width: 204px) 100vw, 204px\" \/><\/p>\n<p style=\"text-align: center;\">Ksi\u0105dz proboszcz Henryk Piotrowski<\/p>\n<p style=\"text-align: center;\"><img loading=\"lazy\" class=\"alignnone size-medium wp-image-254\" src=\"http:\/\/zalesie.archidiecezja.wroc.pl\/wp-content\/uploads\/2018\/03\/past1-300x202.png\" alt=\"\" width=\"300\" height=\"202\" srcset=\"http:\/\/zalesie.archidiecezja.wroc.pl\/wp-content\/uploads\/2018\/03\/past1-300x202.png 300w, http:\/\/zalesie.archidiecezja.wroc.pl\/wp-content\/uploads\/2018\/03\/past1.png 452w\" sizes=\"(max-width: 300px) 100vw, 300px\" \/><\/p>\n<p style=\"text-align: center;\">Po prawej ksi\u0105dz proboszcz Wilhelm Doro\u017cy\u0144ski, po lewej ksi\u0105dz wikariusz (p\u00f3\u017aniejszy proboszcz) Miros\u0142aw Drzewiecki.<\/p>\n<p><img loading=\"lazy\" class=\"size-medium wp-image-607 aligncenter\" src=\"http:\/\/zalesie.archidiecezja.wroc.pl\/wp-content\/uploads\/2020\/01\/W\u0142adys\u0142aw-Plewka-Plewczy\u0144ski-300x207.jpg\" alt=\"\" width=\"300\" height=\"207\" srcset=\"http:\/\/zalesie.archidiecezja.wroc.pl\/wp-content\/uploads\/2020\/01\/W\u0142adys\u0142aw-Plewka-Plewczy\u0144ski-300x207.jpg 300w, http:\/\/zalesie.archidiecezja.wroc.pl\/wp-content\/uploads\/2020\/01\/W\u0142adys\u0142aw-Plewka-Plewczy\u0144ski-768x530.jpg 768w, http:\/\/zalesie.archidiecezja.wroc.pl\/wp-content\/uploads\/2020\/01\/W\u0142adys\u0142aw-Plewka-Plewczy\u0144ski-1024x706.jpg 1024w, http:\/\/zalesie.archidiecezja.wroc.pl\/wp-content\/uploads\/2020\/01\/W\u0142adys\u0142aw-Plewka-Plewczy\u0144ski.jpg 1637w\" sizes=\"(max-width: 300px) 100vw, 300px\" \/><\/p>\n<p><img loading=\"lazy\" class=\"size-full wp-image-608 aligncenter\" src=\"http:\/\/zalesie.archidiecezja.wroc.pl\/wp-content\/uploads\/2020\/01\/W\u0142adys\u0142aw-Plewka-Plewczy\u0144ski2.jpg\" alt=\"\" width=\"139\" height=\"218\" \/><\/p>\n<p>Ksi\u0105dz W\u0142adys\u0142aw Plewka &#8211; Plewczy\u0144ski, pierwszy proboszcz parafii.<\/p>\n<p><strong><img loading=\"lazy\" class=\"alignnone wp-image-695 size-full\" src=\"http:\/\/zalesie.archidiecezja.wroc.pl\/wp-content\/uploads\/2020\/05\/ulotka-1947-001.jpg\" alt=\"\" width=\"1700\" height=\"2338\" srcset=\"http:\/\/zalesie.archidiecezja.wroc.pl\/wp-content\/uploads\/2020\/05\/ulotka-1947-001.jpg 1700w, http:\/\/zalesie.archidiecezja.wroc.pl\/wp-content\/uploads\/2020\/05\/ulotka-1947-001-218x300.jpg 218w, http:\/\/zalesie.archidiecezja.wroc.pl\/wp-content\/uploads\/2020\/05\/ulotka-1947-001-768x1056.jpg 768w, http:\/\/zalesie.archidiecezja.wroc.pl\/wp-content\/uploads\/2020\/05\/ulotka-1947-001-745x1024.jpg 745w\" sizes=\"(max-width: 1700px) 100vw, 1700px\" \/><\/strong><strong><img loading=\"lazy\" class=\"alignnone wp-image-694 size-full\" src=\"http:\/\/zalesie.archidiecezja.wroc.pl\/wp-content\/uploads\/2020\/05\/kwit-1947-001.jpg\" alt=\"\" width=\"1700\" height=\"2338\" srcset=\"http:\/\/zalesie.archidiecezja.wroc.pl\/wp-content\/uploads\/2020\/05\/kwit-1947-001.jpg 1700w, http:\/\/zalesie.archidiecezja.wroc.pl\/wp-content\/uploads\/2020\/05\/kwit-1947-001-218x300.jpg 218w, http:\/\/zalesie.archidiecezja.wroc.pl\/wp-content\/uploads\/2020\/05\/kwit-1947-001-768x1056.jpg 768w, http:\/\/zalesie.archidiecezja.wroc.pl\/wp-content\/uploads\/2020\/05\/kwit-1947-001-745x1024.jpg 745w\" sizes=\"(max-width: 1700px) 100vw, 1700px\" \/><\/strong><\/p>\n<p>Powy\u017cej dokumenty z czasu tworzenia parafii &#8211; odezwa do parafian i pokwitowanie wp\u0142aty (20 stycznia 1947).<\/p>\n","protected":false},"excerpt":{"rendered":"<p>\u00a0Proboszcz Ks. Wojciech ZI\u0118BA &#8211; ust. 2016 Wikariusz Ks. Krzysztof WOJTKOWIAK- ust. 2019 Rezydent Ks. \u0141ukasz PAWICKI &#8211; ust. 2022 Ksi\u0119\u017ca proboszczowie pracuj\u0105cy w parafii NMP Cz\u0119stochowskiej w poprzednich latach Ks. Miros\u0142aw Edmund CHMIELOWSKI &#8211; wikariusz 2015-2018 \u00a0 \u00a0 \u00a0 \u00a0 \u00a0 \u00a0 \u00a0 \u00a0 \u00a0 \u00a0 Ksi\u0105dz proboszcz Miros\u0142aw Drzewiecki Ksi\u0105dz proboszcz Henryk Piotrowski &hellip; <a href=\"http:\/\/zalesie.archidiecezja.wroc.pl\/?page_id=197\" class=\"more-link\">Continue reading <span class=\"screen-reader-text\">Duszpasterze<\/span><\/a><\/p>\n","protected":false},"author":1,"featured_media":0,"parent":0,"menu_order":0,"comment_status":"closed","ping_status":"closed","template":"","meta":[],"_links":{"self":[{"href":"http:\/\/zalesie.archidiecezja.wroc.pl\/index.php?rest_route=\/wp\/v2\/pages\/197"}],"collection":[{"href":"http:\/\/zalesie.archidiecezja.wroc.pl\/index.php?rest_route=\/wp\/v2\/pages"}],"about":[{"href":"http:\/\/zalesie.archidiecezja.wroc.pl\/index.php?rest_route=\/wp\/v2\/types\/page"}],"author":[{"embeddable":true,"href":"http:\/\/zalesie.archidiecezja.wroc.pl\/index.php?rest_route=\/wp\/v2\/users\/1"}],"replies":[{"embeddable":true,"href":"http:\/\/zalesie.archidiecezja.wroc.pl\/index.php?rest_route=%2Fwp%2Fv2%2Fcomments&post=197"}],"version-history":[{"count":18,"href":"http:\/\/zalesie.archidiecezja.wroc.pl\/index.php?rest_route=\/wp\/v2\/pages\/197\/revisions"}],"predecessor-version":[{"id":1503,"href":"http:\/\/zalesie.archidiecezja.wroc.pl\/index.php?rest_route=\/wp\/v2\/pages\/197\/revisions\/1503"}],"wp:attachment":[{"href":"http:\/\/zalesie.archidiecezja.wroc.pl\/index.php?rest_route=%2Fwp%2Fv2%2Fmedia&parent=197"}],"curies":[{"name":"wp","href":"https:\/\/api.w.org\/{rel}","templated":true}]}}